{"id":13105,"date":"2022-03-07T22:31:51","date_gmt":"2022-03-07T22:31:51","guid":{"rendered":"https:\/\/shp.al\/?page_id=13105"},"modified":"2022-03-09T13:21:52","modified_gmt":"2022-03-09T13:21:52","slug":"percaktimi-i-afatit-te-hyrjes-dhe-qendrimit-te-shtetasve-te-shteteve-te-bashkuara-te-amerikes-ne-republiken-e-shqiperise","status":"publish","type":"page","link":"https:\/\/shp.al\/sq\/azhurnime-ligjore\/percaktimi-i-afatit-te-hyrjes-dhe-qendrimit-te-shtetasve-te-shteteve-te-bashkuara-te-amerikes-ne-republiken-e-shqiperise\/","title":{"rendered":"P\u00ebrcaktimi i afatit t\u00eb hyrjes dhe q\u00ebndrimit t\u00eb shtetasve t\u00eb Shteteve t\u00eb Bashkuara t\u00eb Amerik\u00ebs n\u00eb Republik\u00ebn e Shqip\u00ebris\u00eb"},"content":{"rendered":"<p style=\"text-align: justify;\"><span style=\"font-weight: 400;\">K\u00ebshilli i Ministrave miratoi dje vendimin <\/span><span style=\"font-weight: 400;\">p<\/span><span style=\"font-weight: 400;\">\u00eb<\/span><span style=\"font-weight: 400;\">r \u201c<\/span><b>P\u00ebrcaktimin e afatit t\u00eb hyrjes dhe q\u00ebndrimit t\u00eb shtetasve t\u00eb Shteteve t\u00eb Bashkuara t\u00eb Amerik\u00ebs n\u00eb Republik\u00ebn e Shqip\u00ebris\u00eb\u201d<\/b><span style=\"font-weight: 400;\">, sipas t\u00eb cilit ata kan\u00eb t\u00eb drejt\u00eb t\u00eb hyjn\u00eb dhe t\u00eb q\u00ebndrojn\u00eb pa leje q\u00ebndrimi n\u00eb Republik\u00ebn e Shqip\u00ebris\u00eb p\u00ebr nj\u00eb afat deri n\u00eb nj\u00eb vit.<\/span> <span style=\"font-weight: 400;\">Ky vendim u mor n\u00eb mb\u00ebshtetje t\u00eb ligjit \u201cP\u00ebr t\u00eb huajt\u201d, me propozimin e Ministrit p\u00ebr Evrop\u00ebn dhe Pun\u00ebt e Jashtme dhe t\u00eb Ministrit t\u00eb Brendsh\u00ebm.<\/span><\/p>\n<p style=\"text-align: justify;\"><span style=\"font-weight: 400;\">Shtetasit Amerikan\u00eb mund t\u00eb rihyjn\u00eb dhe t\u00eb q\u00ebndrojn\u00eb pa leje q\u00ebndrimi n\u00eb Republik\u00ebn e Shqip\u00ebris\u00eb p\u00ebr nj\u00eb afat t\u00eb ri deri n\u00eb nj\u00eb vit, n\u00ebse kan\u00eb q\u00ebndruar m\u00eb shum\u00eb se 90 dit\u00eb jasht\u00eb territorit t\u00eb Republik\u00ebs s\u00eb Shqip\u00ebris\u00eb.<\/span><\/p>\n<p style=\"text-align: justify;\"><span style=\"font-weight: 400;\">Q\u00eb nga 7 janari 2022, ndryshimet n\u00eb ligjin e imigracionit n\u00eb p\u00ebrpjekje p\u00ebr t\u00eb p\u00ebrafruar ligjin Shqiptar me acquis t\u00eb BE-s\u00eb i pan\u00eb qytetar\u00ebt amerikan\u00eb t\u00eb paaft\u00eb p\u00ebr t\u00eb shijuar q\u00ebndrimin nj\u00eb vje\u00e7ar pa viza n\u00eb vend.<\/span><\/p>\n<p style=\"text-align: justify;\"><span style=\"font-weight: 400;\">Qytetar\u00ebt e vendeve t\u00eb tjera do t\u00eb duhet t\u00eb aplikojn\u00eb p\u00ebr leje q\u00ebndrimi dhe t\u00eb paguajn\u00eb tarifa p\u00ebr t\u00eb drejt\u00ebn p\u00ebr t\u00eb q\u00ebndruar dhe punuar n\u00eb Shqip\u00ebri p\u00ebr m\u00eb shum\u00eb se 30 dit\u00eb. Nder sa per qytetatet e Bashkimit Evropian, apikohet Marreveshja Shengen.<\/span><\/p>\n","protected":false},"excerpt":{"rendered":"<p>K\u00ebshilli i Ministrave miratoi dje vendimin p\u00ebr \u201cP\u00ebrcaktimin e afatit t\u00eb hyrjes dhe q\u00ebndrimit t\u00eb shtetasve t\u00eb Shteteve t\u00eb Bashkuara t\u00eb Amerik\u00ebs n\u00eb Republik\u00ebn e Shqip\u00ebris\u00eb\u201d, sipas t\u00eb cilit ata kan\u00eb t\u00eb drejt\u00eb t\u00eb hyjn\u00eb dhe t\u00eb q\u00ebndrojn\u00eb pa leje q\u00ebndrimi n\u00eb Republik\u00ebn e Shqip\u00ebris\u00eb p\u00ebr nj\u00eb afat deri n\u00eb nj\u00eb vit. Ky vendim u [&hellip;]<\/p>\n","protected":false},"author":1,"featured_media":0,"parent":12658,"menu_order":0,"comment_status":"closed","ping_status":"closed","template":"","meta":{"editor_plus_copied_stylings":"{}","footnotes":""},"class_list":["post-13105","page","type-page","status-publish","hentry"],"featured_image_src":null,"featured_image_src_square":null,"_links":{"self":[{"href":"https:\/\/shp.al\/sq\/wp-json\/wp\/v2\/pages\/13105","targetHints":{"allow":["GET"]}}],"collection":[{"href":"https:\/\/shp.al\/sq\/wp-json\/wp\/v2\/pages"}],"about":[{"href":"https:\/\/shp.al\/sq\/wp-json\/wp\/v2\/types\/page"}],"author":[{"embeddable":true,"href":"https:\/\/shp.al\/sq\/wp-json\/wp\/v2\/users\/1"}],"replies":[{"embeddable":true,"href":"https:\/\/shp.al\/sq\/wp-json\/wp\/v2\/comments?post=13105"}],"version-history":[{"count":4,"href":"https:\/\/shp.al\/sq\/wp-json\/wp\/v2\/pages\/13105\/revisions"}],"predecessor-version":[{"id":13115,"href":"https:\/\/shp.al\/sq\/wp-json\/wp\/v2\/pages\/13105\/revisions\/13115"}],"up":[{"embeddable":true,"href":"https:\/\/shp.al\/sq\/wp-json\/wp\/v2\/pages\/12658"}],"wp:attachment":[{"href":"https:\/\/shp.al\/sq\/wp-json\/wp\/v2\/media?parent=13105"}],"curies":[{"name":"wp","href":"https:\/\/api.w.org\/{rel}","templated":true}]}}