{"id":13015,"date":"2021-11-08T21:40:26","date_gmt":"2021-11-08T21:40:26","guid":{"rendered":"https:\/\/shp.al\/?page_id=13015"},"modified":"2021-11-08T21:42:20","modified_gmt":"2021-11-08T21:42:20","slug":"qendrimi-i-kolegjit-penal-te-gjykates-se-larte-ne-lidhje-me-ceshtjen-se-ciles-faze-procedurale-i-takon-afati-i-paraburgimit-qe-konsumohet-gjate-gjykimit-nga-gjyqtari-i-seances-paraprake","status":"publish","type":"page","link":"https:\/\/shp.al\/sq\/azhurnime-ligjore\/qendrimi-i-kolegjit-penal-te-gjykates-se-larte-ne-lidhje-me-ceshtjen-se-ciles-faze-procedurale-i-takon-afati-i-paraburgimit-qe-konsumohet-gjate-gjykimit-nga-gjyqtari-i-seances-paraprake\/","title":{"rendered":"Q\u00ebndrimi i Kolegjit Penal t\u00eb Gjykat\u00ebs s\u00eb Lart\u00eb n\u00eb lidhje me \u00e7\u00ebshtjen, se cil\u00ebs faz\u00eb procedurale i takon afati i Paraburgimit q\u00eb konsumohet gjat\u00eb Gjykimit nga Gjyqtari i Seanc\u00ebs Paraprake"},"content":{"rendered":"<p style=\"text-align: justify;\"><strong>Q\u00ebndrimi i Kolegjit Penal t\u00eb Gjykat\u00ebs s\u00eb Lart\u00eb <\/strong><strong>n\u00eb lidhje me \u00e7\u00ebshtjen, se cil\u00ebs faz\u00eb procedurale i takon afati i paraburgimit q\u00eb konsumohet gjat\u00eb gjykimit nga gjyqtari i seanc\u00ebs paraprake.<\/strong><\/p>\n<p style=\"text-align: justify;\">Kolegji Penal i Gjykat\u00ebs s\u00eb Lart\u00eb n\u00eb dat\u00eb 30.09.2021, mori n\u00eb shqyrtim, n\u00eb dhom\u00eb k\u00ebshillimi c\u00ebshtjen penale Nr. 61010-00587-00-2021 i Regj. Themeltar. N\u00eb p\u00ebrfundim t\u00eb vendimit Nr.00-2021 dat\u00eb 30.09.2021 kolegji vler\u00ebsoi se nd\u00ebrmjet gjykatave m\u00eb t\u00eb ul\u00ebta ka q\u00ebndrime dhe arsyetime t\u00eb ndryshme n\u00eb lidhje me llogaritjen e afatit t\u00eb paraburgimit t\u00eb konsumuar gjat\u00eb periudh\u00ebs s\u00eb gjykimit t\u00eb k\u00ebrkes\u00ebs s\u00eb prokurorit nga gjyqtari i seanc\u00ebs paraprake.<\/p>\n<p style=\"text-align: justify;\">N\u00eb vazhd\u00ebn e publikimit t\u00eb vendimmarrjes s\u00eb kolegjeve t\u00eb Gjykat\u00ebs s\u00eb Larte, n\u00eb ndihm\u00eb t\u00eb zbatuesve t\u00eb drejt\u00eb dhe opinionit publik, Kolegji Penal i k\u00ebsaj gjykate n\u00eb dat\u00ebn 01.11.2021, mori n\u00eb shqyrtim n\u00eb seanc\u00eb gjyq\u00ebsore \u00e7\u00ebshtjen penale Nr.\u00a0 61010-00587-00-2021 i Regj.\u00a0 Themeltar.<\/p>\n<p style=\"text-align: justify;\">N\u00eb p\u00ebrfundim t\u00eb gjykimit, Kolegji Penal i Gjykat\u00ebs s\u00eb Lart\u00eb analizoi \u00e7\u00ebshtjen n\u00eb t\u00ebr\u00ebsi, p\u00ebr nj\u00ebsimin e praktik\u00ebs gjyq\u00ebsore n\u00eb lidhje me \u00e7\u00ebshtjen, <em>se<strong> cil\u00ebs faz\u00eb procedurale i takon afati i paraburgimit q\u00eb konsumohet gjat\u00eb gjykimit nga gjyqtari i seanc\u00ebs paraprake.<\/strong><\/em><\/p>\n<ul style=\"text-align: justify;\">\n<li>N\u00eb lidhje me pyetjen e ngritur p\u00ebr nj\u00ebsimin e praktik\u00ebs gjyq\u00ebsore:<\/li>\n<\/ul>\n<p style=\"text-align: justify;\"><strong>Cil\u00ebs faz\u00eb procedurale i takon afati i paraburgimit q\u00eb konsumohet gjat\u00eb gjykimit nga gjyqtari i seanc\u00ebs paraprake, u mbajt q\u00ebndrimi:<\/strong><\/p>\n<ol style=\"text-align: justify;\">\n<li>Afati i paraburgimit q\u00eb konsumohet gjat\u00eb seanc\u00ebs paraprake i takon fazave procedurale t\u00eb hetimit paraprak kur, gjyqtari i seanc\u00ebs paraprake disponon p\u00ebr plot\u00ebsimin e hetimeve, sipas nenit 332\/\u00e7 dhe p\u00ebr kthimin e akteve prokurorit p\u00ebr korrigjimin ose sakt\u00ebsimin e akuzave, sipas nenit 332\/d, pika 3 e Kodit t\u00eb Procedur\u00ebs Paraprake.<\/li>\n<li>Afati i paraburgimit q\u00eb konsumohet gjat\u00eb gjykimit nga gjyqtari i seanc\u00ebs paraprake i takon faz\u00ebs procedurale t\u00eb gjykimit, kur gjyqtari i seanc\u00ebs paraprake disponon p\u00ebr:<\/li>\n<\/ol>\n<p style=\"text-align: justify;\">a) pranimin e k\u00ebrkes\u00ebs s\u00eb prokurorit dhe d\u00ebrgimit t\u00eb \u00e7\u00ebshtjes n\u00eb gjyq;<br \/>\nb) vijimin e gjykimit nga e nj\u00ebjta gjykat\u00eb, kur pal\u00ebt paraqesin marr\u00ebveshje mbi kushtet e faj\u00ebsis\u00eb dhe caktimit t\u00eb d\u00ebnimit;<br \/>\nc) vijimin e gjykimit nga e nj\u00ebjta giykat\u00eb, kur i pandehuri ka k\u00ebrkuar gjykim t\u00eb shkurtuar;<br \/>\n\u00e7) pushimin e akuz\u00ebs ose t\u00eb \u00e7\u00ebshtjes, apo deklarimin e moskompetenc\u00ebs dhe d\u00ebrgimin e \u00e7\u00ebshtjes n\u00eb gjykat\u00ebn kompetente n\u00eb rastet e parashikuara n\u00eb ligj, sipas nenit 332\/dh g\u00ebrma &#8220;\u00e7&#8221; e &#8220;d&#8221; t\u00eb Kodit t\u00eb Procedur\u00ebs Penale.<\/p>\n<ul style=\"text-align: justify;\">\n<li>N\u00eb lidhje me \u00e7\u00ebshtjen konkrete, Kolegji Penal, bazuar n\u00eb nenin 441 pika 1 germa \u201cc\u201d t\u00eb Kodit t\u00eb Procedur\u00ebs Penale vendosi:<\/li>\n<\/ul>\n<p style=\"text-align: justify;\">Prishjen e vendimit nr.145, dat\u00eb 24.06.2021 t\u00eb Gjykat\u00ebs s\u00eb Apelit Shkod\u00ebr dhe d\u00ebrgimin e \u00e7\u00ebshtjeve p\u00ebr rishqyrtim n\u00eb at\u00eb gjykat\u00eb si gjykata kompetente.<\/p>\n","protected":false},"excerpt":{"rendered":"<p>Q\u00ebndrimi i Kolegjit Penal t\u00eb Gjykat\u00ebs s\u00eb Lart\u00eb n\u00eb lidhje me \u00e7\u00ebshtjen, se cil\u00ebs faz\u00eb procedurale i takon afati i paraburgimit q\u00eb konsumohet gjat\u00eb gjykimit nga gjyqtari i seanc\u00ebs paraprake.<\/p>\n","protected":false},"author":1,"featured_media":0,"parent":12658,"menu_order":0,"comment_status":"closed","ping_status":"closed","template":"","meta":{"editor_plus_copied_stylings":"{}","footnotes":""},"class_list":["post-13015","page","type-page","status-publish","hentry"],"featured_image_src":null,"featured_image_src_square":null,"_links":{"self":[{"href":"https:\/\/shp.al\/sq\/wp-json\/wp\/v2\/pages\/13015","targetHints":{"allow":["GET"]}}],"collection":[{"href":"https:\/\/shp.al\/sq\/wp-json\/wp\/v2\/pages"}],"about":[{"href":"https:\/\/shp.al\/sq\/wp-json\/wp\/v2\/types\/page"}],"author":[{"embeddable":true,"href":"https:\/\/shp.al\/sq\/wp-json\/wp\/v2\/users\/1"}],"replies":[{"embeddable":true,"href":"https:\/\/shp.al\/sq\/wp-json\/wp\/v2\/comments?post=13015"}],"version-history":[{"count":3,"href":"https:\/\/shp.al\/sq\/wp-json\/wp\/v2\/pages\/13015\/revisions"}],"predecessor-version":[{"id":13018,"href":"https:\/\/shp.al\/sq\/wp-json\/wp\/v2\/pages\/13015\/revisions\/13018"}],"up":[{"embeddable":true,"href":"https:\/\/shp.al\/sq\/wp-json\/wp\/v2\/pages\/12658"}],"wp:attachment":[{"href":"https:\/\/shp.al\/sq\/wp-json\/wp\/v2\/media?parent=13015"}],"curies":[{"name":"wp","href":"https:\/\/api.w.org\/{rel}","templated":true}]}}