{"id":12989,"date":"2021-05-19T08:44:10","date_gmt":"2021-05-19T08:44:10","guid":{"rendered":"https:\/\/shp.al\/?page_id=12989"},"modified":"2021-05-19T08:44:10","modified_gmt":"2021-05-19T08:44:10","slug":"ndryshime-te-rendesishme-ne-ligjin-per-organizimin-dhe-funksionimin-e-gjykates-kushtetuese","status":"publish","type":"page","link":"https:\/\/shp.al\/sq\/azhurnime-ligjore\/ndryshime-te-rendesishme-ne-ligjin-per-organizimin-dhe-funksionimin-e-gjykates-kushtetuese\/","title":{"rendered":"Ndryshime t\u00eb r\u00ebnd\u00ebsishme n\u00eb ligjin p\u00ebr organizimin dhe funksionimin e Gjykat\u00ebs Kushtetuese"},"content":{"rendered":"<p style=\"text-align: justify;\"><strong>Ligji Nr. 45\/2021 <\/strong>\u201c<em>P\u00ebr disa shtesa dhe ndryshime ne\u0308 ligjin nr. 8577, dat\u00eb 10.2.2000, \u201cP\u00ebr organizimin dhe funksionimin e Gjykat\u00ebs Kushtetuese\u201d t\u00eb ndryshuar<\/em>\u201d.<\/p>\n<p style=\"text-align: justify;\">Ligji nr. 45\/2021 \u00ebsht\u00eb botuar n\u00eb Fletoren Zyrtare nr. 71, dat\u00eb 14.05.2021, dhe hyn n\u00eb fuqi n\u00eb dat\u00ebn 30.05.2021.<\/p>\n<p style=\"text-align: justify;\">Shtesat dhe ndryshimet e k\u00ebtij ligji, kan\u00eb si q\u00ebllim thjesht\u00ebzimin e procedur\u00ebs p\u00ebr zgjedhjen e an\u00ebtar\u00ebve t\u00eb Gjykat\u00ebs Kushtetuese p\u00ebr t\u00eb garantuar funksionimin e plot\u00eb dhe normal t\u00eb k\u00ebsaj gjykate. Ne\u0308 me\u0308nyre\u0308 te\u0308 pe\u0308rmbledhur disa nga ndryshimet jane\u0308 si me\u0308 poshte\u0308:<\/p>\n<ul style=\"text-align: justify;\">\n<li><strong>Procedura e em\u00ebrimit nga Presidenti i Republik\u00ebs dhe Kuvendi <\/strong><\/li>\n<\/ul>\n<p style=\"text-align: justify;\">N\u00eb parashikimet aktuale t\u00eb ligjit, n\u00eb nenet 7\/b dhe 7\/c p\u00ebrcaktohet procedura e em\u00ebrimit t\u00eb gjyqtarit p\u00ebrkat\u00ebsisht nga Presidenti i Republik\u00ebs dhe nga Kuvendi. N\u00eb k\u00ebto dispozita parashikohet q\u00eb K\u00ebshilli i Em\u00ebrimeve n\u00eb Drejt\u00ebsi pas vler\u00ebsimit t\u00eb kushteve dhe t\u00eb kritereve t\u00eb em\u00ebrimit, t\u00eb hartoj\u00eb nj\u00eb list\u00eb p\u00ebrfundimtare duke renditur kandidat\u00ebt. N\u00ebse ka m\u00eb shum\u00eb se nj\u00eb vend vakant, K\u00ebshilli harton dy lista t\u00eb vecanta, nj\u00eb prej t\u00eb cilave \u00ebsht\u00eb me kandidat\u00ebt q\u00eb vijn\u00eb nga radh\u00ebt e gjyq\u00ebsorit. <strong>Me ndryshimet e reja parashikimi ligjor i m\u00ebsip\u00ebrm \u00ebsht\u00eb shfuqizuar<\/strong>, kjo pasi ky parashikim nuk gjente mb\u00ebshtetje n\u00eb dispozitat kushtetuese, t\u00eb cilat nuk parashikojn\u00eb listat t\u00eb vecanta, por p\u00ebr cdo vakanc\u00eb, d\u00ebrgohet lista e t\u00eb gjith\u00eb kandidat\u00ebve q\u00eb kan\u00eb aplikuar p\u00ebr at\u00eb vakanc\u00eb, pavar\u00ebsisht n\u00ebse vijn\u00eb nga radh\u00ebt e gjyq\u00ebsorit apo jo.<\/p>\n<ul style=\"text-align: justify;\">\n<li><strong>Sistemimi i gjyqtarit t\u00eb Gjykat\u00ebs Kushtetuese pas p\u00ebrfundimit t\u00eb mandatit <\/strong><\/li>\n<\/ul>\n<p style=\"text-align: justify;\">N\u00eb lidhje me mandatin e gjyqtarit t\u00eb Gjykat\u00ebs Kushtetuese, n\u00ebp\u00ebrmjet shtes\u00ebs s\u00eb nenit 18, pika 3 e ligjit \u00ebsht\u00eb parashikuar dhe garantuar e drejta e gjyqtarit, i cili me p\u00ebrfundimin e mandatit t\u00eb rikthehet n\u00eb sistemin e drejt\u00ebsis\u00eb t\u00eb pakt\u00ebn n\u00eb nj\u00eb pozicion n\u00eb nivel apeli n\u00eb gjykata ose prokurori n\u00ebse plot\u00ebson kriteret p\u00ebr at\u00eb pozicion.<\/p>\n<ul style=\"text-align: justify;\">\n<li><strong>Procedura e zgjedhjes s\u00eb gjyqtarit t\u00eb Gjykat\u00ebs Kushtetuese nga Gjykata e Lart\u00eb<\/strong><\/li>\n<\/ul>\n<p style=\"text-align: justify;\">N\u00eb nenin 86 t\u00eb ligjit \u00ebsht\u00eb parashikuar nj\u00eb rregullim tranzitor q\u00eb lidhet me procedur\u00ebn e zgjedhjes s\u00eb gjyqtarit t\u00eb Gjykat\u00ebs Kushtetuese nga Gjykata e Lart\u00eb. Parashikohet ulja e shumic\u00ebs s\u00eb nevojshme (kuorum-it), p\u00ebr t\u00eb pasur nj\u00eb mbledhje t\u00eb vlefshme t\u00eb an\u00ebtar\u00ebve t\u00eb Gjykat\u00ebs s\u00eb Lart\u00eb, p\u00ebr zgjedhjen e an\u00ebtar\u00ebve t\u00eb Gjykat\u00ebs Kushtetuese nga \u00be e an\u00ebtar\u00ebve t\u00eb saj, n\u00eb t\u00eb pakt\u00ebn gjysm\u00ebn e an\u00ebtar\u00ebve t\u00eb saj. Ky propozim vjen si nj\u00eb dispozit\u00eb kalimtare, e cila do t\u00eb jet\u00eb n\u00eb fuqi, deri sa t\u00eb em\u00ebrohen t\u00eb pakt\u00ebn \u00be e an\u00ebtar\u00ebve t\u00eb Gjykat\u00ebs s\u00eb Lart\u00eb, por n\u00eb cdo rast jo m\u00eb von\u00eb se data 31.12.2023.<\/p>\n","protected":false},"excerpt":{"rendered":"<p>Ligji Nr. 45\/2021 \u201cP\u00ebr disa shtesa dhe ndryshime ne\u0308 ligjin nr. 8577, dat\u00eb 10.2.2000, \u201cP\u00ebr organizimin dhe funksionimin e Gjykat\u00ebs Kushtetuese\u201d t\u00eb ndryshuar\u201d.<br \/>\nLigji nr. 45\/2021 \u00ebsht\u00eb botuar n\u00eb Fletoren Zyrtare nr. 71, dat\u00eb 14.05.2021, dhe hyn n\u00eb fuqi n\u00eb dat\u00ebn 30.05.2021.<\/p>\n","protected":false},"author":1,"featured_media":0,"parent":12658,"menu_order":0,"comment_status":"closed","ping_status":"closed","template":"","meta":{"editor_plus_copied_stylings":"{}","footnotes":""},"class_list":["post-12989","page","type-page","status-publish","hentry"],"featured_image_src":null,"featured_image_src_square":null,"_links":{"self":[{"href":"https:\/\/shp.al\/sq\/wp-json\/wp\/v2\/pages\/12989","targetHints":{"allow":["GET"]}}],"collection":[{"href":"https:\/\/shp.al\/sq\/wp-json\/wp\/v2\/pages"}],"about":[{"href":"https:\/\/shp.al\/sq\/wp-json\/wp\/v2\/types\/page"}],"author":[{"embeddable":true,"href":"https:\/\/shp.al\/sq\/wp-json\/wp\/v2\/users\/1"}],"replies":[{"embeddable":true,"href":"https:\/\/shp.al\/sq\/wp-json\/wp\/v2\/comments?post=12989"}],"version-history":[{"count":1,"href":"https:\/\/shp.al\/sq\/wp-json\/wp\/v2\/pages\/12989\/revisions"}],"predecessor-version":[{"id":12991,"href":"https:\/\/shp.al\/sq\/wp-json\/wp\/v2\/pages\/12989\/revisions\/12991"}],"up":[{"embeddable":true,"href":"https:\/\/shp.al\/sq\/wp-json\/wp\/v2\/pages\/12658"}],"wp:attachment":[{"href":"https:\/\/shp.al\/sq\/wp-json\/wp\/v2\/media?parent=12989"}],"curies":[{"name":"wp","href":"https:\/\/api.w.org\/{rel}","templated":true}]}}