{"id":12892,"date":"2021-04-14T09:19:09","date_gmt":"2021-04-14T09:19:09","guid":{"rendered":"https:\/\/shp.al\/?page_id=12892"},"modified":"2021-04-14T09:19:09","modified_gmt":"2021-04-14T09:19:09","slug":"marreveshja-midis-shqiperise-dhe-italise-per-njohjen-e-ndersjellte-e-lejeve-te-drejtimit-me-qellim-konvertimi","status":"publish","type":"page","link":"https:\/\/shp.al\/sq\/azhurnime-ligjore\/marreveshja-midis-shqiperise-dhe-italise-per-njohjen-e-ndersjellte-e-lejeve-te-drejtimit-me-qellim-konvertimi\/","title":{"rendered":"Marr\u00ebveshja midis Shqip\u00ebris\u00eb dhe Italis\u00eb p\u00ebr njohjen e nd\u00ebrsjellt\u00eb e lejeve t\u00eb drejtimit me q\u00ebllim konvertimi"},"content":{"rendered":"<p style=\"text-align: justify;\"><strong>Vendimi i K\u00ebshillit t\u00eb Ministrave Nr. 209, dat\u00eb 29.03.2021 <\/strong>\u201c<em>P\u00ebr miratimin marr\u00ebveshjes, nd\u00ebrmjet K\u00ebshillit t\u00eb Ministrave t\u00eb Republik\u00ebs s\u00eb Shqip\u00ebris\u00eb dhe Qeveris\u00eb s\u00eb Republik\u00ebs s\u00eb Italis\u00eb, p\u00ebr njohjen e nd\u00ebrsjellt\u00eb t\u00eb lejeve t\u00eb drejtimit me q\u00ebllim konvertimi<\/em>\u201d.<\/p>\n<p style=\"text-align: justify;\">Vendimi i K\u00ebshillit t\u00eb Minsitrave Nr. 209, dat\u00eb 29.03.2021 \u00ebsht\u00eb botuar n\u00eb Fletoren Zyrtare nr. 49, dat\u00eb 29.03.2021, dhe ka hyr\u00eb n\u00eb fuqi me botimin n\u00eb fletoren zyrtare.<\/p>\n<p style=\"text-align: justify;\">Sipas marr\u00ebveshjes s\u00eb m\u00ebsip\u00ebrme pal\u00ebt njohin n\u00eb m\u00ebnyr\u00eb t\u00eb nd\u00ebrsjellt\u00eb, p\u00ebr q\u00ebllime konvertimi, lejet e drejtimit jo t\u00eb p\u00ebrkohshme dhe brenda afatit t\u00eb vlefshm\u00ebris\u00eb, q\u00eb jan\u00eb l\u00ebshuar nga Autoritetet kompetente t\u00eb Pal\u00ebs tjet\u00ebr, n\u00eb favor t\u00eb titullar\u00ebve t\u00eb lejeve t\u00eb drejtimit q\u00eb marrin rezidenc\u00ebn n\u00eb territorin e tyre. Pal\u00ebt nuk i njohin lejet e drejtimit t\u00eb p\u00ebrkohshme dhe nuk mund t\u00eb l\u00ebshojn\u00eb, p\u00ebr konvertim, leje drejtimi t\u00eb p\u00ebrkohshme.<\/p>\n<p style=\"text-align: justify;\">Titullari i lejes s\u00eb drejtimit t\u00eb l\u00ebshuar nga Autoritetet e nj\u00ebr\u00ebs prej Pal\u00ebve, i cili vendos rezidenc\u00ebn n\u00eb territorin e Pal\u00ebs tjet\u00ebr, mund t\u00eb konvertoj\u00eb lej\u00ebn e tij t\u00eb drejtimit pa q\u00ebn\u00eb nevoja t\u00eb kryej\u00eb prova teorike dhe praktike.<\/p>\n","protected":false},"excerpt":{"rendered":"<p>Vendimi i K\u00ebshillit t\u00eb Ministrave Nr. 209, dat\u00eb 29.03.2021 \u201cP\u00ebr miratimin marr\u00ebveshjes, nd\u00ebrmjet K\u00ebshillit t\u00eb Ministrave t\u00eb Republik\u00ebs s\u00eb Shqip\u00ebris\u00eb dhe Qeveris\u00eb s\u00eb Republik\u00ebs s\u00eb Italis\u00eb, p\u00ebr njohjen e nd\u00ebrsjellt\u00eb t\u00eb lejeve t\u00eb drejtimit me q\u00ebllim konvertimi\u201d.<\/p>\n","protected":false},"author":1,"featured_media":0,"parent":12658,"menu_order":0,"comment_status":"closed","ping_status":"closed","template":"","meta":{"editor_plus_copied_stylings":"{}","footnotes":""},"class_list":["post-12892","page","type-page","status-publish","hentry"],"featured_image_src":null,"featured_image_src_square":null,"_links":{"self":[{"href":"https:\/\/shp.al\/sq\/wp-json\/wp\/v2\/pages\/12892","targetHints":{"allow":["GET"]}}],"collection":[{"href":"https:\/\/shp.al\/sq\/wp-json\/wp\/v2\/pages"}],"about":[{"href":"https:\/\/shp.al\/sq\/wp-json\/wp\/v2\/types\/page"}],"author":[{"embeddable":true,"href":"https:\/\/shp.al\/sq\/wp-json\/wp\/v2\/users\/1"}],"replies":[{"embeddable":true,"href":"https:\/\/shp.al\/sq\/wp-json\/wp\/v2\/comments?post=12892"}],"version-history":[{"count":1,"href":"https:\/\/shp.al\/sq\/wp-json\/wp\/v2\/pages\/12892\/revisions"}],"predecessor-version":[{"id":12894,"href":"https:\/\/shp.al\/sq\/wp-json\/wp\/v2\/pages\/12892\/revisions\/12894"}],"up":[{"embeddable":true,"href":"https:\/\/shp.al\/sq\/wp-json\/wp\/v2\/pages\/12658"}],"wp:attachment":[{"href":"https:\/\/shp.al\/sq\/wp-json\/wp\/v2\/media?parent=12892"}],"curies":[{"name":"wp","href":"https:\/\/api.w.org\/{rel}","templated":true}]}}